{"id":21903,"date":"2025-10-08T13:19:50","date_gmt":"2025-10-08T11:19:50","guid":{"rendered":"https:\/\/vilnonesdienos.lt\/?page_id=21903"},"modified":"2026-08-22T14:47:38","modified_gmt":"2026-08-22T12:47:38","slug":"norintiems-dalyvauti","status":"publish","type":"page","link":"https:\/\/vilnonesdienos.lt\/en\/norintiems-dalyvauti\/","title":{"rendered":"For performers wishing to participate in the festival"},"content":{"rendered":"<div data-elementor-type=\"wp-page\" data-elementor-id=\"21903\" class=\"elementor elementor-21903\">\n\t\t\t\t\t\t<section class=\"elementor-section elementor-top-section elementor-element elementor-element-bb3e2db elementor-section-boxed elementor-section-height-default elementor-section-height-default sc_fly_static e-parent\" data-id=\"bb3e2db\" data-element_type=\"section\" data-e-type=\"section\" data-settings=\"{&quot;background_background&quot;:&quot;classic&quot;}\">\n\t\t\t\t\t\t<div class=\"elementor-container elementor-column-gap-extended\">\n\t\t\t\t\t<div class=\"elementor-column elementor-col-100 elementor-top-column elementor-element elementor-element-b3db124 sc_content_align_inherit sc_layouts_column_icons_position_left lakit-col-width-auto-no sc_fly_static\" data-id=\"b3db124\" data-element_type=\"column\" data-e-type=\"column\">\n\t\t\t<div class=\"elementor-widget-wrap elementor-element-populated\">\n\t\t\t\t\t\t<div class=\"elementor-element elementor-element-ebc7f29 sc_fly_static elementor-widget elementor-widget-spacer\" data-id=\"ebc7f29\" data-element_type=\"widget\" data-e-type=\"widget\" data-widget_type=\"spacer.default\">\n\t\t\t\t<div class=\"elementor-widget-container\">\n\t\t\t\t\t\t\t<div class=\"elementor-spacer\">\n\t\t\t<div class=\"elementor-spacer-inner\"><\/div>\n\t\t<\/div>\n\t\t\t\t\t\t<\/div>\n\t\t\t\t<\/div>\n\t\t\t\t<section class=\"elementor-section elementor-inner-section elementor-element elementor-element-fbaf280 elementor-section-boxed elementor-section-height-default elementor-section-height-default sc_fly_static\" data-id=\"fbaf280\" data-element_type=\"section\" data-e-type=\"section\">\n\t\t\t\t\t\t<div class=\"elementor-container elementor-column-gap-extended\">\n\t\t\t\t\t<div class=\"elementor-column elementor-col-100 elementor-inner-column elementor-element elementor-element-e301a2a sc_content_align_inherit sc_layouts_column_icons_position_left lakit-col-width-auto-no sc_fly_static\" data-id=\"e301a2a\" data-element_type=\"column\" data-e-type=\"column\">\n\t\t\t<div class=\"elementor-widget-wrap elementor-element-populated\">\n\t\t\t\t\t\t<div class=\"elementor-element elementor-element-42b66d4 elementor-widget-divider--view-line sc_fly_static elementor-widget elementor-widget-divider\" data-id=\"42b66d4\" data-element_type=\"widget\" data-e-type=\"widget\" data-widget_type=\"divider.default\">\n\t\t\t\t<div class=\"elementor-widget-container\">\n\t\t\t\t\t\t\t<div class=\"elementor-divider\">\n\t\t\t<span class=\"elementor-divider-separator\">\n\t\t\t\t\t\t<\/span>\n\t\t<\/div>\n\t\t\t\t\t\t<\/div>\n\t\t\t\t<\/div>\n\t\t\t\t<div class=\"elementor-element elementor-element-6076622 sc_fly_static elementor-widget elementor-widget-html\" data-id=\"6076622\" data-element_type=\"widget\" data-e-type=\"widget\" data-widget_type=\"html.default\">\n\t\t\t\t<div class=\"elementor-widget-container\">\n\t\t\t\t\t<div class=\"vd-registration-page\">\r\n\r\n  <div class=\"vd-reg-card\">\r\n\r\n    <!-- VIR\u0160US -->\r\n\r\n    <div class=\"vd-reg-card-top\">\r\n\r\n      <div class=\"vd-reg-symbol\">\r\n        <svg viewbox=\"0 0 48 48\" aria-hidden=\"true\">\r\n          <path d=\"M27 10v23\"><\/path>\r\n          <path d=\"M27 10h12v5H27\"><\/path>\r\n          <ellipse cx=\"20\" cy=\"35\" rx=\"7\" ry=\"5\"><\/ellipse>\r\n        <\/svg>\r\n      <\/div>\r\n\r\n      <div class=\"vd-reg-status\">\r\n        INVITATION INACTIVE\r\n      <\/div>\r\n\r\n    <\/div>\r\n\r\n\r\n    <!-- INFORMACIJA -->\r\n\r\n    <div class=\"vd-reg-main\">\r\n\r\n      <h2>\r\n        Registration for the 2026 festival is\r\n      <\/h2>\r\n\r\n      <div class=\"vd-reg-message\">\r\n        NO LONGER AVAILABLE!\r\n      <\/div>\r\n\r\n    <\/div>\r\n\r\n\r\n    <!-- KONTAKTAI -->\r\n\r\n    <div class=\"vd-reg-contact\">\r\n\r\n      <div class=\"vd-contact-icon\">\r\n        <svg viewbox=\"0 0 48 48\" aria-hidden=\"true\">\r\n          <path d=\"M8 12h32v24H8z\"><\/path>\r\n          <path d=\"M9 14l15 12 15-12\"><\/path>\r\n        <\/svg>\r\n      <\/div>\r\n\r\n      <div class=\"vd-contact-text\">\r\n\r\n        <div class=\"vd-contact-title\">\r\n          DO YOU HAVE ANY QUESTIONS?\r\n        <\/div>\r\n\r\n        <div class=\"vd-contact-name\">\r\n          Festival organiser\r\n          <strong>Lukas Simsonas<\/strong>\r\n        <\/div>\r\n\r\n        <div class=\"vd-contact-links\">\r\n\r\n          <a href=\"mailto:labas@vilnonesdienos.lt\">\r\n            labas@vilnonesdienos.lt\r\n          <\/a>\r\n\r\n          <a href=\"tel:+37062551758\">\r\n            +370 (625) 51 758\r\n          <\/a>\r\n\r\n        <\/div>\r\n\r\n      <\/div>\r\n\r\n    <\/div>\r\n\r\n  <\/div>\r\n\r\n<\/div>\r\n\r\n\r\n<style>\r\n\r\n\/* =====================================================\r\n   PAGRINDAS\r\n===================================================== *\/\r\n\r\n.vd-registration-page {\r\n  width: 100%;\r\n  max-width: 1080px;\r\n  margin: 0 auto;\r\n  padding: 10px 20px 30px;\r\n  box-sizing: border-box;\r\n  font-family: inherit !important;\r\n}\r\n\r\n\r\n\/* =====================================================\r\n   INFORMACIN\u0116 KORTEL\u0116\r\n===================================================== *\/\r\n\r\n.vd-reg-card {\r\n  position: relative;\r\n  width: 100%;\r\n  box-sizing: border-box;\r\n\r\n  padding: 28px 34px 27px;\r\n\r\n  background: #f1f7f8 !important;\r\n\r\n  border-radius: 26px;\r\n  border: 1px solid #dce8eb !important;\r\n\r\n  overflow: hidden;\r\n}\r\n\r\n\r\n\/* =====================================================\r\n   SUBTILUS DEKORATYVINIS APSKRITIMAS\r\n===================================================== *\/\r\n\r\n.vd-reg-card::after {\r\n  content: \"\";\r\n\r\n  position: absolute;\r\n\r\n  width: 330px;\r\n  height: 330px;\r\n\r\n  right: -150px;\r\n  top: -180px;\r\n\r\n  border-radius: 50%;\r\n\r\n  background: rgba(220, 236, 239, .58) !important;\r\n\r\n  pointer-events: none;\r\n}\r\n\r\n\r\n\/* =====================================================\r\n   VIR\u0160UTIN\u0116 DALIS\r\n===================================================== *\/\r\n\r\n.vd-reg-card-top {\r\n  position: relative;\r\n  z-index: 2;\r\n\r\n  display: flex;\r\n  align-items: center;\r\n  justify-content: space-between;\r\n\r\n  margin-bottom: 20px;\r\n}\r\n\r\n\r\n\/* =====================================================\r\n   ATLIK\u0116J\u0172 IKONA\r\n===================================================== *\/\r\n\r\n.vd-reg-symbol {\r\n  width: 58px;\r\n  height: 58px;\r\n\r\n  display: flex;\r\n  align-items: center;\r\n  justify-content: center;\r\n\r\n  border-radius: 50%;\r\n\r\n  background: #fbfcf8 !important;\r\n\r\n  border: 1px solid #d9e5d0 !important;\r\n}\r\n\r\n\r\n.vd-reg-symbol svg {\r\n  display: block;\r\n\r\n  width: 29px;\r\n  height: 29px;\r\n\r\n  fill: none;\r\n\r\n  stroke: #94a91f !important;\r\n\r\n  stroke-width: 1.6;\r\n\r\n  stroke-linecap: round;\r\n  stroke-linejoin: round;\r\n}\r\n\r\n\r\n\/* =====================================================\r\n   STATUSAS\r\n===================================================== *\/\r\n\r\n.vd-reg-status {\r\n  display: inline-flex;\r\n  align-items: center;\r\n\r\n  padding: 9px 14px;\r\n\r\n  border-radius: 7px;\r\n\r\n  background: #d6533c !important;\r\n\r\n  color: #fff !important;\r\n\r\n  font-size: 10px;\r\n  line-height: 1;\r\n\r\n  font-weight: 700;\r\n}\r\n\r\n\r\n\/* =====================================================\r\n   INFORMACIJOS TEKSTAS\r\n===================================================== *\/\r\n\r\n.vd-reg-main {\r\n  position: relative;\r\n  z-index: 2;\r\n}\r\n\r\n\r\n.vd-reg-main h2 {\r\n  margin: 0 !important;\r\n  padding: 0 !important;\r\n\r\n  font-family: inherit !important;\r\n\r\n  color: #172c3c !important;\r\n\r\n  font-size: 25px;\r\n  line-height: 1.25;\r\n\r\n  font-weight: 700;\r\n\r\n  letter-spacing: -0.25px;\r\n  word-spacing: 0;\r\n}\r\n\r\n\r\n.vd-reg-message {\r\n  margin-top: 6px;\r\n\r\n  color: #aabd32 !important;\r\n\r\n  font-size: 27px;\r\n  line-height: 1.05;\r\n\r\n  font-weight: 800;\r\n\r\n  letter-spacing: -0.2px;\r\n}\r\n\r\n\r\n\/* =====================================================\r\n   KONTAKT\u0172 BLOKAS\r\n===================================================== *\/\r\n\r\n.vd-reg-contact {\r\n  position: relative;\r\n  z-index: 3;\r\n\r\n  display: flex;\r\n  align-items: center;\r\n\r\n  gap: 16px;\r\n\r\n  margin-top: 20px;\r\n  padding-top: 18px;\r\n\r\n  border-top: 1px solid #dce8eb !important;\r\n}\r\n\r\n\r\n\/* =====================================================\r\n   KONTAKT\u0172 IKONA\r\n===================================================== *\/\r\n\r\n.vd-contact-icon {\r\n  flex: 0 0 48px;\r\n\r\n  width: 48px;\r\n  height: 48px;\r\n\r\n  display: flex;\r\n  align-items: center;\r\n  justify-content: center;\r\n\r\n  border-radius: 50%;\r\n\r\n  background: #fbfcf8 !important;\r\n\r\n  border: 1px solid #d9e5d0 !important;\r\n}\r\n\r\n\r\n.vd-contact-icon svg {\r\n  width: 25px;\r\n  height: 25px;\r\n\r\n  fill: none;\r\n\r\n  stroke: #94a91f !important;\r\n\r\n  stroke-width: 1.7;\r\n\r\n  stroke-linecap: round;\r\n  stroke-linejoin: round;\r\n}\r\n\r\n\r\n\/* =====================================================\r\n   KONTAKT\u0172 TEKSTAS\r\n===================================================== *\/\r\n\r\n.vd-contact-text {\r\n  min-width: 0;\r\n}\r\n\r\n\r\n.vd-contact-title {\r\n  margin: 0 0 2px;\r\n\r\n  color: #84951f !important;\r\n\r\n  font-size: 14px;\r\n  line-height: 1.15;\r\n\r\n  font-weight: 800;\r\n\r\n  letter-spacing: .1px;\r\n}\r\n\r\n\r\n.vd-contact-name {\r\n  margin-top: 2px;\r\n\r\n  color: #596a72 !important;\r\n\r\n  font-size: 13px;\r\n  line-height: 1.2;\r\n\r\n  letter-spacing: 0;\r\n}\r\n\r\n\r\n.vd-contact-name strong {\r\n  color: #172c3c !important;\r\n\r\n  margin-left: 4px;\r\n\r\n  font-weight: 700;\r\n}\r\n\r\n\r\n.vd-contact-links {\r\n  display: flex;\r\n  flex-wrap: wrap;\r\n\r\n  gap: 3px 18px;\r\n\r\n  margin-top: 3px;\r\n}\r\n\r\n\r\n.vd-contact-links a {\r\n  color: #94a91f !important;\r\n\r\n  text-decoration: none !important;\r\n\r\n  font-size: 13px;\r\n  line-height: 1.2;\r\n\r\n  font-weight: 700;\r\n\r\n  letter-spacing: 0;\r\n}\r\n\r\n\r\n.vd-contact-links a:hover {\r\n  color: #7f9215 !important;\r\n}\r\n\r\n\r\n\/* =====================================================\r\n   PLAN\u0160ET\u0116\r\n===================================================== *\/\r\n\r\n@media (max-width: 800px) {\r\n\r\n  .vd-registration-page {\r\n    padding: 10px 15px 25px;\r\n  }\r\n\r\n  .vd-reg-card {\r\n    padding: 25px;\r\n  }\r\n\r\n}\r\n\r\n\r\n\/* =====================================================\r\n   MOBILUS\r\n===================================================== *\/\r\n\r\n@media (max-width: 600px) {\r\n\r\n  .vd-registration-page {\r\n    padding: 8px 12px 20px;\r\n  }\r\n\r\n  .vd-reg-card {\r\n    padding: 22px 18px 23px;\r\n    border-radius: 21px;\r\n  }\r\n\r\n  .vd-reg-card-top {\r\n    margin-bottom: 17px;\r\n  }\r\n\r\n  .vd-reg-symbol {\r\n    width: 50px;\r\n    height: 50px;\r\n  }\r\n\r\n  .vd-reg-symbol svg {\r\n    width: 27px;\r\n    height: 27px;\r\n  }\r\n\r\n  .vd-reg-status {\r\n    font-size: 9px;\r\n    padding: 8px 11px;\r\n  }\r\n\r\n  .vd-reg-main h2 {\r\n    font-size: 20px;\r\n    letter-spacing: -0.2px;\r\n  }\r\n\r\n  .vd-reg-message {\r\n    font-size: 23px;\r\n  }\r\n\r\n  .vd-reg-contact {\r\n    align-items: flex-start;\r\n\r\n    margin-top: 18px;\r\n    padding-top: 16px;\r\n  }\r\n\r\n  .vd-contact-title {\r\n    font-size: 13px;\r\n  }\r\n\r\n  .vd-contact-name,\r\n  .vd-contact-links a {\r\n    font-size: 12px;\r\n  }\r\n\r\n  .vd-contact-links {\r\n    flex-direction: column;\r\n    gap: 2px;\r\n  }\r\n\r\n}\r\n\r\n<\/style>\t\t\t\t<\/div>\n\t\t\t\t<\/div>\n\t\t\t\t<div class=\"elementor-element elementor-element-60fd01a sc_fly_static elementor-widget elementor-widget-spacer\" data-id=\"60fd01a\" data-element_type=\"widget\" data-e-type=\"widget\" data-widget_type=\"spacer.default\">\n\t\t\t\t<div class=\"elementor-widget-container\">\n\t\t\t\t\t\t\t<div class=\"elementor-spacer\">\n\t\t\t<div class=\"elementor-spacer-inner\"><\/div>\n\t\t<\/div>\n\t\t\t\t\t\t<\/div>\n\t\t\t\t<\/div>\n\t\t\t\t<div class=\"elementor-element elementor-element-748a312 sc_layouts_hide_on_wide sc_layouts_hide_on_desktop sc_layouts_hide_on_notebook sc_layouts_hide_on_tablet sc_layouts_hide_on_mobile sc_fly_static elementor-widget elementor-widget-html\" data-id=\"748a312\" data-element_type=\"widget\" data-e-type=\"widget\" data-widget_type=\"html.default\">\n\t\t\t\t<div class=\"elementor-widget-container\">\n\t\t\t\t\t<div class=\"vd-performers-page\">\r\n\r\n  <!-- =====================================================\r\n       HERO\r\n  ====================================================== -->\r\n\r\n  <section class=\"vd-performers-hero\">\r\n\r\n    <div class=\"vd-performers-hero-icon\">\r\n\r\n      <svg viewbox=\"0 0 48 48\" aria-hidden=\"true\">\r\n        <path d=\"M15 35V18\"><\/path>\r\n        <path d=\"M15 18l20-5v17\"><\/path>\r\n        <circle cx=\"11\" cy=\"36\" r=\"4\"><\/circle>\r\n        <circle cx=\"31\" cy=\"32\" r=\"4\"><\/circle>\r\n      <\/svg>\r\n\r\n    <\/div>\r\n\r\n\r\n    <div class=\"vd-performers-hero-content\">\r\n\r\n      <div class=\"vd-performers-status\">\r\n        REGISTRATION IS OPEN\r\n      <\/div>\r\n\r\n      <h2>\r\n        Atlik\u0117j\u0173, norin\u010di\u0173 dalyvauti festivalyje, registracija\r\n      <\/h2>\r\n\r\n      <div class=\"vd-performers-meta\">\r\n\r\n        <!-- DATA -->\r\n\r\n        <div class=\"vd-performers-meta-item\">\r\n\r\n          <span class=\"vd-performers-meta-icon\">\u25f7<\/span>\r\n\r\n          <div>\r\n\r\n            <small>FESTIVALIS VYKS<\/small>\r\n\r\n            <strong>\r\n              2026 m. rugpj\u016b\u010dio 29\u201330 d.\r\n            <\/strong>\r\n\r\n          <\/div>\r\n\r\n        <\/div>\r\n\r\n\r\n        <!-- VIETA -->\r\n\r\n        <div class=\"vd-performers-meta-item\">\r\n\r\n          <span class=\"vd-performers-meta-icon\">\u2316<\/span>\r\n\r\n          <div>\r\n\r\n            <small>LOCATION<\/small>\r\n\r\n            <strong>\r\n              Rauboni\u0173 vandens mal\u016bnas, viln\u0173 kar\u0161ykla-verpykla\r\n            <\/strong>\r\n\r\n            <span class=\"vd-performers-location\">\r\n              Taikos g. 5, Raubonys, Pasvalio r.\r\n            <\/span>\r\n\r\n          <\/div>\r\n\r\n        <\/div>\r\n\r\n      <\/div>\r\n\r\n    <\/div>\r\n\r\n  <\/section>\r\n\r\n\r\n  <!-- =====================================================\r\n       PAGRINDINIS TURINYS\r\n  ====================================================== -->\r\n\r\n  <div class=\"vd-performers-grid\">\r\n\r\n\r\n    <!-- ===================================================\r\n         KAIR\u0116 \u2013 INFORMACIJA\r\n    ==================================================== -->\r\n\r\n    <section class=\"vd-performers-info\">\r\n\r\n      <div class=\"vd-performers-section-label\">\r\n        APIE FESTIVAL\u012e\r\n      <\/div>\r\n\r\n\r\n      <p class=\"vd-performers-intro\">\r\n        \u201eVilnon\u0117s dienos\u201c \u2013 \u0161velniausias Lietuvos festivalis,\r\n        kuris vienuolikt\u0105j\u012f kart\u0105 pakvies Auk\u0161taitijos kra\u0161tan,\r\n        \u012f \u0160iaur\u0117s Lietuv\u0105.\r\n      <\/p>\r\n\r\n\r\n      <div class=\"vd-performers-description\">\r\n\r\n        <p>\r\n          Jau dabar sukam galveles, d\u0117liojam program\u0105, kad kiekvienas\r\n          \u010dia rast\u0173 \u0161ird\u017eiai miel\u0105 u\u017esi\u0117mim\u0105, pasibuvim\u0105 ir atgaiv\u0105.\r\n        <\/p>\r\n\r\n        <p>\r\n          Savo kalendoriuose jau galite pasi\u017eym\u0117ti dat\u0105:\r\n          <strong>2026 m. rugpj\u016b\u010dio 29\u201330 dienomis<\/strong>\r\n          lauksime J\u016bs\u0173 Raubonyse! \u0160iuo metu rengiame projekto\r\n          parai\u0161k\u0105 Lietuvos kult\u016bros tarybai ir su viltimi lauksime\r\n          teigiamo atsakymo, kad tradici\u0161kai kartu gal\u0117tume susitikti\r\n          paskutin\u012f vasaros savaitgal\u012f.\r\n        <\/p>\r\n\r\n        <p>\r\n          Per de\u0161imtmet\u012f \u201eVilnoni\u0173 dien\u0173\u201c scenoje dainavo, grojo ir\r\n          \u0161oko daugyb\u0117 folkloro kolektyv\u0173 i\u0161 Lietuvos ir kit\u0173 \u0161ali\u0173 \u2013\r\n          nuo jaunimo iki ilgamet\u0119 patirt\u012f turin\u010di\u0173 folkloro ansambli\u0173.\r\n        <\/p>\r\n\r\n        <p>\r\n          Festivalio scena visada atvira tiems, kurie nori dalintis\r\n          gyva tradicija, dainomis, muzika, \u0161okiais ir bendryst\u0117s\r\n          d\u017eiaugsmu.\r\n        <\/p>\r\n\r\n      <\/div>\r\n\r\n\r\n      <!-- KVETIMAS -->\r\n\r\n      <div class=\"vd-performers-invite\">\r\n\r\n        <div class=\"vd-performers-invite-icon\">\r\n\r\n          <svg viewbox=\"0 0 48 48\">\r\n\r\n            <path d=\"M8 24h32\"><\/path>\r\n            <path d=\"M24 8v32\"><\/path>\r\n            <path d=\"M13 13l22 22\"><\/path>\r\n            <path d=\"M35 13L13 35\"><\/path>\r\n\r\n          <\/svg>\r\n\r\n        <\/div>\r\n\r\n\r\n        <div>\r\n\r\n          <strong>\r\n            KVIE\u010cIAME \u012e FESTIVALIO SCEN\u0104\r\n          <\/strong>\r\n\r\n          <span>\r\n            Kvie\u010diame Lietuvos folkloro kolektyvus ir pavienius\r\n            atlik\u0117jus pasirodyti festivalio scenoje!\r\n          <\/span>\r\n\r\n        <\/div>\r\n\r\n      <\/div>\r\n\r\n\r\n      <!-- KONTAKTAS -->\r\n\r\n      <div class=\"vd-performers-contact\">\r\n\r\n        <div class=\"vd-performers-contact-icon\">\r\n\r\n          <svg viewbox=\"0 0 48 48\">\r\n\r\n            <path d=\"M8 12h32v24H8z\"><\/path>\r\n            <path d=\"M9 14l15 12 15-12\"><\/path>\r\n\r\n          <\/svg>\r\n\r\n        <\/div>\r\n\r\n\r\n        <div>\r\n\r\n          <small>\r\n            KONTAKTAI\r\n          <\/small>\r\n\r\n          <strong>\r\n            We are open to all suggestions!\r\n          <\/strong>\r\n\r\n          <div class=\"vd-performers-contact-links\">\r\n\r\n            <a href=\"mailto:labas@vilnonesdienos.lt\">\r\n              labas@vilnonesdienos.lt\r\n            <\/a>\r\n\r\n          <\/div>\r\n\r\n        <\/div>\r\n\r\n      <\/div>\r\n\r\n    <\/section>\r\n\r\n\r\n    <!-- ===================================================\r\n         DE\u0160IN\u0116 \u2013 GOOGLE FORMA\r\n    ==================================================== -->\r\n\r\n    <section class=\"vd-performers-form\">\r\n\r\n      <div class=\"vd-performers-form-heading\">\r\n\r\n        <div>\r\n\r\n          <div class=\"vd-performers-section-label\">\r\n            REGISTRATION\r\n          <\/div>\r\n\r\n          <h3>\r\n            U\u017epildykite atlik\u0117jo anket\u0105\r\n          <\/h3>\r\n\r\n          <p>\r\n            Norite pasirodyti \u201eVilnoni\u0173 dien\u0173\u201c scenoje?\r\n            Laukiame J\u016bs\u0173!\r\n          <\/p>\r\n\r\n        <\/div>\r\n\r\n\r\n        <div class=\"vd-performers-form-icon\">\r\n\r\n          <svg viewbox=\"0 0 48 48\">\r\n\r\n            <rect\r\n              x=\"10\"\r\n              y=\"7\"\r\n              width=\"28\"\r\n              height=\"34\"\r\n              rx=\"3\">\r\n            <\/rect>\r\n\r\n            <path d=\"M17 16h14\"><\/path>\r\n            <path d=\"M17 23h14\"><\/path>\r\n            <path d=\"M17 30h9\"><\/path>\r\n\r\n          <\/svg>\r\n\r\n        <\/div>\r\n\r\n      <\/div>\r\n\r\n\r\n      <!-- GOOGLE FORMA -->\r\n\r\n      <div class=\"vd-performers-form-placeholder\">\r\n\r\n        <iframe\r\n          src=\"https:\/\/docs.google.com\/forms\/d\/e\/1FAIpQLSfWPQ65-z8pKpp6jzUNIKL9-9_X4raTz3etAqMjdoUNCZIYfw\/viewform?embedded=true\"\r\n          width=\"100%\"\r\n          height=\"1496\"\r\n          frameborder=\"0\"\r\n          marginheight=\"0\"\r\n          marginwidth=\"0\">\r\n          \u012ekeliama\u2026\r\n        <\/iframe>\r\n\r\n      <\/div>\r\n\r\n    <\/section>\r\n\r\n  <\/div>\r\n\r\n<\/div>\r\n\r\n\r\n<style>\r\n\r\n\/* =========================================================\r\n   SPALVOS\r\n========================================================= *\/\r\n\r\n.vd-performers-page {\r\n\r\n  --blue: #e8f2f5;\r\n  --blue-light: #f1f7f8;\r\n  --blue-soft: #dcecef;\r\n\r\n  --green: #aabd32;\r\n  --green-dark: #819600;\r\n\r\n  --dark: #102b40;\r\n\r\n  --text: #344a55;\r\n\r\n}\r\n\r\n\r\n\/* =========================================================\r\n   PAGRINDAS\r\n========================================================= *\/\r\n\r\n.vd-performers-page {\r\n\r\n  width: 100%;\r\n  max-width: 1180px;\r\n\r\n  margin: 0 auto;\r\n\r\n  padding: 12px 20px 45px;\r\n\r\n  box-sizing: border-box;\r\n\r\n  font-family: inherit !important;\r\n\r\n  color: var(--text);\r\n}\r\n\r\n\r\n\/* =========================================================\r\n   HERO\r\n========================================================= *\/\r\n\r\n.vd-performers-hero {\r\n\r\n  position: relative;\r\n\r\n  display: flex;\r\n  align-items: center;\r\n\r\n  gap: 24px;\r\n\r\n  padding: 30px 34px;\r\n\r\n  margin-bottom: 24px;\r\n\r\n  background: var(--blue);\r\n\r\n  border: 1px solid #d5e5e9;\r\n\r\n  border-radius: 26px;\r\n\r\n  overflow: hidden;\r\n}\r\n\r\n\r\n.vd-performers-hero::after {\r\n\r\n  content: \"\";\r\n\r\n  position: absolute;\r\n\r\n  width: 380px;\r\n  height: 380px;\r\n\r\n  right: -205px;\r\n  top: -230px;\r\n\r\n  border-radius: 50%;\r\n\r\n  background: rgba(255,255,255,.58);\r\n\r\n  pointer-events: none;\r\n}\r\n\r\n\r\n.vd-performers-hero-icon {\r\n\r\n  position: relative;\r\n\r\n  z-index: 2;\r\n\r\n  flex: 0 0 66px;\r\n\r\n  width: 66px;\r\n  height: 66px;\r\n\r\n  display: flex;\r\n\r\n  align-items: center;\r\n  justify-content: center;\r\n\r\n  border-radius: 50%;\r\n\r\n  background: #fbfcf8;\r\n\r\n  border: 1px solid #dce5d0;\r\n}\r\n\r\n\r\n.vd-performers-hero-icon svg {\r\n\r\n  width: 35px;\r\n  height: 35px;\r\n\r\n  fill: none;\r\n\r\n  stroke: var(--green-dark);\r\n\r\n  stroke-width: 1.7;\r\n\r\n  stroke-linecap: round;\r\n\r\n  stroke-linejoin: round;\r\n}\r\n\r\n\r\n.vd-performers-hero-content {\r\n\r\n  position: relative;\r\n\r\n  z-index: 2;\r\n\r\n  flex: 1;\r\n\r\n  min-width: 0;\r\n}\r\n\r\n\r\n.vd-performers-status {\r\n\r\n  display: inline-flex;\r\n\r\n  padding: 8px 13px;\r\n\r\n  margin-bottom: 8px;\r\n\r\n  border-radius: 6px;\r\n\r\n  background: var(--green);\r\n\r\n  color: #fff;\r\n\r\n  font-size: 11px;\r\n\r\n  line-height: 1;\r\n\r\n  font-weight: 900;\r\n}\r\n\r\n\r\n.vd-performers-hero h2 {\r\n\r\n  margin: 0 !important;\r\n\r\n  padding: 0 !important;\r\n\r\n  color: var(--dark) !important;\r\n\r\n  font-family: inherit !important;\r\n\r\n  font-size: 30px !important;\r\n\r\n  line-height: 1.18 !important;\r\n\r\n  font-weight: 800 !important;\r\n\r\n  letter-spacing: -.4px;\r\n}\r\n\r\n\r\n\/* =========================================================\r\n   HERO META\r\n========================================================= *\/\r\n\r\n.vd-performers-meta {\r\n\r\n  display: grid;\r\n\r\n  grid-template-columns: 1fr 1.55fr;\r\n\r\n  gap: 28px;\r\n\r\n  margin-top: 22px;\r\n\r\n  width: 100%;\r\n}\r\n\r\n\r\n.vd-performers-meta-item {\r\n\r\n  display: flex;\r\n\r\n  align-items: flex-start;\r\n\r\n  gap: 10px;\r\n\r\n  min-width: 0;\r\n}\r\n\r\n\r\n.vd-performers-meta-icon {\r\n\r\n  flex: 0 0 30px;\r\n\r\n  width: 30px;\r\n  height: 30px;\r\n\r\n  display: flex;\r\n\r\n  align-items: center;\r\n  justify-content: center;\r\n\r\n  border-radius: 50%;\r\n\r\n  background: var(--blue-soft);\r\n\r\n  color: var(--green-dark);\r\n\r\n  font-size: 16px;\r\n\r\n  font-weight: 700;\r\n}\r\n\r\n\r\n.vd-performers-meta-item small {\r\n\r\n  display: block;\r\n\r\n  margin-bottom: 3px;\r\n\r\n  color: #718500;\r\n\r\n  font-size: 10px;\r\n\r\n  line-height: 1;\r\n\r\n  font-weight: 900;\r\n\r\n  letter-spacing: .4px;\r\n}\r\n\r\n\r\n.vd-performers-meta-item strong {\r\n\r\n  display: block;\r\n\r\n  color: var(--dark);\r\n\r\n  font-size: 13px;\r\n\r\n  line-height: 1.3;\r\n\r\n  font-weight: 900;\r\n}\r\n\r\n\r\n.vd-performers-location {\r\n\r\n  display: block;\r\n\r\n  margin-top: 3px;\r\n\r\n  color: #53656d;\r\n\r\n  font-size: 11px;\r\n\r\n  line-height: 1.3;\r\n\r\n  font-weight: 600;\r\n}\r\n\r\n\r\n\/* =========================================================\r\n   GRID\r\n========================================================= *\/\r\n\r\n.vd-performers-grid {\r\n\r\n  display: grid;\r\n\r\n  grid-template-columns:\r\n    minmax(0, .92fr)\r\n    minmax(0, 1.08fr);\r\n\r\n  gap: 24px;\r\n\r\n  align-items: start;\r\n}\r\n\r\n\r\n\/* =========================================================\r\n   KAIR\u0116\r\n========================================================= *\/\r\n\r\n.vd-performers-info {\r\n\r\n  padding: 29px 32px;\r\n\r\n  background: var(--blue-light);\r\n\r\n  border: 1px solid #dce8eb;\r\n\r\n  border-radius: 26px;\r\n\r\n  box-sizing: border-box;\r\n}\r\n\r\n\r\n.vd-performers-section-label {\r\n\r\n  margin-bottom: 10px;\r\n\r\n  color: #718500;\r\n\r\n  font-size: 12px;\r\n\r\n  line-height: 1.2;\r\n\r\n  font-weight: 900;\r\n\r\n  letter-spacing: .7px;\r\n}\r\n\r\n\r\n.vd-performers-intro {\r\n\r\n  margin: 0 0 20px !important;\r\n\r\n  padding: 0 !important;\r\n\r\n  color: #344a55 !important;\r\n\r\n  font-size: 16px !important;\r\n\r\n  line-height: 1.6 !important;\r\n\r\n  font-weight: 600 !important;\r\n}\r\n\r\n\r\n\/* =========================================================\r\n   APRA\u0160YMAS\r\n========================================================= *\/\r\n\r\n.vd-performers-description {\r\n\r\n  margin: 0 0 22px;\r\n\r\n}\r\n\r\n\r\n.vd-performers-description p {\r\n\r\n  margin: 0 0 15px !important;\r\n\r\n  padding: 0 !important;\r\n\r\n  color: #344a55 !important;\r\n\r\n  font-size: 14px !important;\r\n\r\n  line-height: 1.65 !important;\r\n\r\n  font-weight: 500 !important;\r\n}\r\n\r\n\r\n.vd-performers-description p:last-child {\r\n\r\n  margin-bottom: 0 !important;\r\n\r\n}\r\n\r\n\r\n.vd-performers-description strong {\r\n\r\n  font-weight: 900;\r\n\r\n  color: var(--dark);\r\n}\r\n\r\n\r\n\/* =========================================================\r\n   KVETIMAS\r\n========================================================= *\/\r\n\r\n.vd-performers-invite {\r\n\r\n  display: flex;\r\n\r\n  align-items: center;\r\n\r\n  gap: 12px;\r\n\r\n  margin: 0 0 22px;\r\n\r\n  padding: 15px;\r\n\r\n  background: var(--blue-soft);\r\n\r\n  border-radius: 14px;\r\n}\r\n\r\n\r\n.vd-performers-invite-icon {\r\n\r\n  flex: 0 0 38px;\r\n\r\n  width: 38px;\r\n  height: 38px;\r\n\r\n  display: flex;\r\n\r\n  align-items: center;\r\n  justify-content: center;\r\n\r\n  border-radius: 50%;\r\n\r\n  background: #fbfcf8;\r\n\r\n  border: 1px solid #d9e5d0;\r\n}\r\n\r\n\r\n.vd-performers-invite-icon svg {\r\n\r\n  width: 21px;\r\n  height: 21px;\r\n\r\n  fill: none;\r\n\r\n  stroke: var(--green-dark);\r\n\r\n  stroke-width: 1.7;\r\n\r\n  stroke-linecap: round;\r\n\r\n  stroke-linejoin: round;\r\n}\r\n\r\n\r\n.vd-performers-invite strong {\r\n\r\n  display: block;\r\n\r\n  margin-bottom: 3px;\r\n\r\n  color: var(--dark);\r\n\r\n  font-size: 12px;\r\n\r\n  line-height: 1.25;\r\n\r\n  font-weight: 900;\r\n}\r\n\r\n\r\n.vd-performers-invite span {\r\n\r\n  display: block;\r\n\r\n  color: #435963;\r\n\r\n  font-size: 12px;\r\n\r\n  line-height: 1.45;\r\n\r\n  font-weight: 600;\r\n}\r\n\r\n\r\n\/* =========================================================\r\n   KONTAKTAS\r\n========================================================= *\/\r\n\r\n.vd-performers-contact {\r\n\r\n  display: flex;\r\n\r\n  align-items: center;\r\n\r\n  gap: 12px;\r\n\r\n  margin-top: 22px;\r\n\r\n  padding-top: 17px;\r\n\r\n  border-top: 1px solid #dce8eb;\r\n}\r\n\r\n\r\n.vd-performers-contact-icon {\r\n\r\n  flex: 0 0 42px;\r\n\r\n  width: 42px;\r\n  height: 42px;\r\n\r\n  display: flex;\r\n\r\n  align-items: center;\r\n  justify-content: center;\r\n\r\n  border-radius: 50%;\r\n\r\n  background: #fbfcf8;\r\n\r\n  border: 1px solid #d9e5d0;\r\n}\r\n\r\n\r\n.vd-performers-contact-icon svg {\r\n\r\n  width: 21px;\r\n  height: 21px;\r\n\r\n  fill: none;\r\n\r\n  stroke: var(--green-dark);\r\n\r\n  stroke-width: 1.8;\r\n\r\n  stroke-linecap: round;\r\n\r\n  stroke-linejoin: round;\r\n}\r\n\r\n\r\n.vd-performers-contact small {\r\n\r\n  display: block;\r\n\r\n  margin: 0 0 3px !important;\r\n\r\n  color: #718500;\r\n\r\n  font-size: 10px;\r\n\r\n  line-height: 1.1;\r\n\r\n  font-weight: 800;\r\n}\r\n\r\n\r\n.vd-performers-contact strong {\r\n\r\n  display: block;\r\n\r\n  margin: 0 0 3px !important;\r\n\r\n  padding: 0 !important;\r\n\r\n  color: var(--dark);\r\n\r\n  font-size: 12px;\r\n\r\n  line-height: 1.25;\r\n\r\n  font-weight: 700;\r\n}\r\n\r\n\r\n.vd-performers-contact-links {\r\n\r\n  display: flex;\r\n\r\n  flex-wrap: wrap;\r\n\r\n  align-items: center;\r\n\r\n  margin-top: 0;\r\n}\r\n\r\n\r\n.vd-performers-contact-links a {\r\n\r\n  color: var(--green-dark) !important;\r\n\r\n  text-decoration: none !important;\r\n\r\n  font-size: 11px;\r\n\r\n  line-height: 1.2;\r\n\r\n  font-weight: 700;\r\n}\r\n\r\n\r\n\/* =========================================================\r\n   DE\u0160IN\u0116 \u2013 FORMA\r\n========================================================= *\/\r\n\r\n.vd-performers-form {\r\n\r\n  background: var(--blue-light);\r\n\r\n  border: 1px solid #dce8eb;\r\n\r\n  border-radius: 26px;\r\n\r\n  overflow: hidden;\r\n\r\n  box-sizing: border-box;\r\n}\r\n\r\n\r\n.vd-performers-form-heading {\r\n\r\n  display: flex;\r\n\r\n  align-items: center;\r\n\r\n  justify-content: space-between;\r\n\r\n  gap: 15px;\r\n\r\n  padding: 27px 29px 22px;\r\n\r\n  border-bottom: 1px solid #dce8eb;\r\n}\r\n\r\n\r\n.vd-performers-form-heading h3 {\r\n\r\n  margin: 0 0 6px !important;\r\n\r\n  padding: 0 !important;\r\n\r\n  color: var(--dark) !important;\r\n\r\n  font-family: inherit !important;\r\n\r\n  font-size: 27px !important;\r\n\r\n  line-height: 1.2 !important;\r\n\r\n  font-weight: 800 !important;\r\n}\r\n\r\n\r\n.vd-performers-form-heading p {\r\n\r\n  margin: 0 !important;\r\n\r\n  color: #435963;\r\n\r\n  font-size: 13px;\r\n\r\n  line-height: 1.4;\r\n\r\n  font-weight: 600;\r\n}\r\n\r\n\r\n.vd-performers-form-icon {\r\n\r\n  flex: 0 0 50px;\r\n\r\n  width: 50px;\r\n  height: 50px;\r\n\r\n  display: flex;\r\n\r\n  align-items: center;\r\n  justify-content: center;\r\n\r\n  border-radius: 50%;\r\n\r\n  background: #fbfcf8;\r\n\r\n  border: 1px solid #d9e5d0;\r\n}\r\n\r\n\r\n.vd-performers-form-icon svg {\r\n\r\n  width: 26px;\r\n  height: 26px;\r\n\r\n  fill: none;\r\n\r\n  stroke: var(--green-dark);\r\n\r\n  stroke-width: 1.8;\r\n\r\n  stroke-linecap: round;\r\n\r\n  stroke-linejoin: round;\r\n}\r\n\r\n\r\n\/* =========================================================\r\n   GOOGLE FORMA\r\n========================================================= *\/\r\n\r\n.vd-performers-form-placeholder {\r\n\r\n  width: 100%;\r\n\r\n  background: #fff;\r\n\r\n  overflow: hidden;\r\n\r\n  padding: 0;\r\n}\r\n\r\n\r\n.vd-performers-form-placeholder iframe {\r\n\r\n  display: block;\r\n\r\n  width: 100% !important;\r\n\r\n  height: 1496px !important;\r\n\r\n  min-height: 1496px !important;\r\n\r\n  border: 0 !important;\r\n\r\n  margin: 0 !important;\r\n}\r\n\r\n\r\n\/* =========================================================\r\n   PLAN\u0160ET\u0116\r\n========================================================= *\/\r\n\r\n@media (max-width: 900px) {\r\n\r\n  .vd-performers-grid {\r\n\r\n    grid-template-columns: 1fr;\r\n\r\n  }\r\n\r\n}\r\n\r\n\r\n\/* =========================================================\r\n   MOBILUS\r\n========================================================= *\/\r\n\r\n@media (max-width: 600px) {\r\n\r\n  .vd-performers-page {\r\n\r\n    padding: 6px 12px 30px;\r\n\r\n  }\r\n\r\n\r\n  .vd-performers-hero {\r\n\r\n    align-items: flex-start;\r\n\r\n    gap: 15px;\r\n\r\n    padding: 22px 19px;\r\n\r\n    border-radius: 21px;\r\n\r\n  }\r\n\r\n\r\n  .vd-performers-hero-icon {\r\n\r\n    flex: 0 0 50px;\r\n\r\n    width: 50px;\r\n    height: 50px;\r\n\r\n  }\r\n\r\n\r\n  .vd-performers-hero-icon svg {\r\n\r\n    width: 27px;\r\n    height: 27px;\r\n\r\n  }\r\n\r\n\r\n  .vd-performers-hero h2 {\r\n\r\n    font-size: 22px !important;\r\n\r\n    line-height: 1.2 !important;\r\n\r\n  }\r\n\r\n\r\n  .vd-performers-meta {\r\n\r\n    display: grid;\r\n\r\n    grid-template-columns: 1fr;\r\n\r\n    gap: 12px;\r\n\r\n  }\r\n\r\n\r\n  .vd-performers-meta-item strong {\r\n\r\n    font-size: 12px;\r\n\r\n  }\r\n\r\n\r\n  .vd-performers-location {\r\n\r\n    font-size: 10px;\r\n\r\n  }\r\n\r\n\r\n  .vd-performers-info {\r\n\r\n    padding: 25px 20px;\r\n\r\n    border-radius: 21px;\r\n\r\n  }\r\n\r\n\r\n  .vd-performers-intro {\r\n\r\n    font-size: 14px !important;\r\n\r\n    line-height: 1.55 !important;\r\n\r\n  }\r\n\r\n\r\n  .vd-performers-description p {\r\n\r\n    font-size: 13px !important;\r\n\r\n    line-height: 1.6 !important;\r\n\r\n    margin-bottom: 14px !important;\r\n\r\n  }\r\n\r\n\r\n  .vd-performers-invite {\r\n\r\n    padding: 13px;\r\n\r\n  }\r\n\r\n\r\n  .vd-performers-invite span {\r\n\r\n    font-size: 11px;\r\n\r\n  }\r\n\r\n\r\n  .vd-performers-contact {\r\n\r\n    margin-top: 20px;\r\n\r\n    padding-top: 15px;\r\n\r\n  }\r\n\r\n\r\n  .vd-performers-form {\r\n\r\n    border-radius: 21px;\r\n\r\n  }\r\n\r\n\r\n  .vd-performers-form-heading {\r\n\r\n    padding: 22px 19px 19px;\r\n\r\n  }\r\n\r\n\r\n  .vd-performers-form-heading h3 {\r\n\r\n    font-size: 21px !important;\r\n\r\n  }\r\n\r\n\r\n  .vd-performers-form-placeholder iframe {\r\n\r\n    height: 1496px !important;\r\n\r\n    min-height: 1496px !important;\r\n\r\n  }\r\n\r\n}\r\n\r\n<\/style>\t\t\t\t<\/div>\n\t\t\t\t<\/div>\n\t\t\t\t\t<\/div>\n\t\t<\/div>\n\t\t\t\t\t<\/div>\n\t\t<\/section>\n\t\t\t\t<section class=\"elementor-section elementor-inner-section elementor-element elementor-element-522700a sc_layouts_hide_on_wide sc_layouts_hide_on_desktop sc_layouts_hide_on_notebook sc_layouts_hide_on_tablet sc_layouts_hide_on_mobile elementor-section-boxed elementor-section-height-default elementor-section-height-default sc_fly_static\" data-id=\"522700a\" data-element_type=\"section\" data-e-type=\"section\">\n\t\t\t\t\t\t<div class=\"elementor-container elementor-column-gap-extended\">\n\t\t\t\t\t<div class=\"elementor-column elementor-col-50 elementor-inner-column elementor-element elementor-element-e4156b9 sc_content_align_inherit sc_layouts_column_icons_position_left lakit-col-width-auto-no sc_fly_static\" data-id=\"e4156b9\" data-element_type=\"column\" data-e-type=\"column\">\n\t\t\t<div class=\"elementor-widget-wrap elementor-element-populated\">\n\t\t\t\t\t\t<div class=\"elementor-element elementor-element-f3b5310 sc_layouts_hide_on_wide sc_layouts_hide_on_desktop sc_layouts_hide_on_notebook sc_layouts_hide_on_tablet sc_layouts_hide_on_mobile sc_fly_static elementor-widget elementor-widget-text-editor\" data-id=\"f3b5310\" data-element_type=\"widget\" data-e-type=\"widget\" data-widget_type=\"text-editor.default\">\n\t\t\t\t<div class=\"elementor-widget-container\">\n\t\t\t\t\t\t\t\t\t<p>width=&#8221;640&#8243; height=&#8221;1800&#8243; \u201eVilnon\u0117s dienos&#8221; \u2013 \u0161velniausias Lietuvos festivalis, kuris vienuolikt\u0105j\u012f kart\u0105 pakvies auk\u0161tai\u010di\u0173 kra\u0161tan, \u012f \u0160iaur\u0117s Lietuv\u0105. Jau dabar sukam galveles, d\u0117liojam program\u0105, kad kiekvienas \u010dia rast\u0173 \u0161ird\u017eiai miel\u0105 u\u017esi\u0117mim\u0105, pasibuvim\u0105 ir atgaiv\u0105. <br \/>You can already mark the date in your calendars: August 29-30, 2026, we will be waiting for you in Raubonys! We are currently preparing a project application for the Lithuanian Council for Culture and hope to receive a positive response so that we can meet up as usual on the last weekend of summer.<\/p><p>Over the course of a decade, numerous folk groups from Lithuania and other countries have sung, played, and danced on the Vilnoniai Days stage, ranging from youth groups to folk ensembles with many years of experience.<\/p><p>The festival stage is always open to those who want to share living traditions, songs, music, dances, and the joy of togetherness. We invite Lithuanian folklore groups and individual performers to perform on the festival stage!<\/p><p>Fill out the form or write to us \u2013 <a href=\"mailto:labas@vilnonesdienos.lt\">labas@vilnonesdienos.lt<\/a><br \/><em>We are open to all suggestions!<\/em><\/p>\t\t\t\t\t\t\t\t<\/div>\n\t\t\t\t<\/div>\n\t\t\t\t<div class=\"elementor-element elementor-element-f940e2c sc_fly_static elementor-widget elementor-widget-spacer\" data-id=\"f940e2c\" data-element_type=\"widget\" data-e-type=\"widget\" data-widget_type=\"spacer.default\">\n\t\t\t\t<div class=\"elementor-widget-container\">\n\t\t\t\t\t\t\t<div class=\"elementor-spacer\">\n\t\t\t<div class=\"elementor-spacer-inner\"><\/div>\n\t\t<\/div>\n\t\t\t\t\t\t<\/div>\n\t\t\t\t<\/div>\n\t\t\t\t\t<\/div>\n\t\t<\/div>\n\t\t\t\t<div class=\"elementor-column elementor-col-50 elementor-inner-column elementor-element elementor-element-9737f99 sc_content_align_inherit sc_layouts_column_icons_position_left lakit-col-width-auto-no sc_fly_static\" data-id=\"9737f99\" data-element_type=\"column\" data-e-type=\"column\">\n\t\t\t<div class=\"elementor-widget-wrap elementor-element-populated\">\n\t\t\t\t\t\t<div class=\"elementor-element elementor-element-2291242 sc_fly_static elementor-widget elementor-widget-html\" data-id=\"2291242\" data-element_type=\"widget\" data-e-type=\"widget\" data-widget_type=\"html.default\">\n\t\t\t\t<div class=\"elementor-widget-container\">\n\t\t\t\t\t<iframe src=\"https:\/\/docs.google.com\/forms\/d\/e\/1FAIpQLSfWPQ65-z8pKpp6jzUNIKL9-9_X4raTz3etAqMjdoUNCZIYfw\/viewform?embedded=true\" width=\"640\" height=\"300\" frameborder=\"0\" marginheight=\"0\" marginwidth=\"0\">\u012ekeliama\u2026<\/iframe>\t\t\t\t<\/div>\n\t\t\t\t<\/div>\n\t\t\t\t\t<\/div>\n\t\t<\/div>\n\t\t\t\t\t<\/div>\n\t\t<\/section>\n\t\t\t\t\t<\/div>\n\t\t<\/div>\n\t\t\t\t\t<\/div>\n\t\t<\/section>\n\t\t\t\t<section class=\"elementor-section elementor-top-section elementor-element elementor-element-25c07c8 scheme_default sc_layouts_hide_on_wide sc_layouts_hide_on_desktop sc_layouts_hide_on_notebook sc_layouts_hide_on_tablet sc_layouts_hide_on_mobile elementor-section-boxed elementor-section-height-default elementor-section-height-default sc_fly_static e-parent\" data-id=\"25c07c8\" data-element_type=\"section\" data-e-type=\"section\" data-settings=\"{&quot;background_background&quot;:&quot;classic&quot;}\">\n\t\t\t\t\t\t<div class=\"elementor-container elementor-column-gap-extended\">\n\t\t\t\t\t<div class=\"elementor-column elementor-col-100 elementor-top-column elementor-element elementor-element-5078118 sc_content_align_inherit sc_layouts_column_icons_position_left lakit-col-width-auto-no sc_fly_static\" data-id=\"5078118\" data-element_type=\"column\" data-e-type=\"column\">\n\t\t\t<div class=\"elementor-widget-wrap elementor-element-populated\">\n\t\t\t\t\t\t<div class=\"elementor-element elementor-element-f667770 sc_height_huge sc_fly_static elementor-widget elementor-widget-spacer\" data-id=\"f667770\" data-element_type=\"widget\" data-e-type=\"widget\" data-widget_type=\"spacer.default\">\n\t\t\t\t<div class=\"elementor-widget-container\">\n\t\t\t\t\t\t\t<div class=\"elementor-spacer\">\n\t\t\t<div class=\"elementor-spacer-inner\"><\/div>\n\t\t<\/div>\n\t\t\t\t\t\t<\/div>\n\t\t\t\t<\/div>\n\t\t\t\t\t<\/div>\n\t\t<\/div>\n\t\t\t\t\t<\/div>\n\t\t<\/section>\n\t\t\t\t<\/div>","protected":false},"excerpt":{"rendered":"<p>KVIETIMAS BAIGTAS 2026 m. festivalio atlik\u0117j\u0173 registracija NEBEVYKDOMA! TURITE KLAUSIM\u0172? Festivalio organizatorius Lukas Simsonas labas@vilnonesdienos.lt +370 (625) 51 758 REGISTRACIJA ATVIRA Atlik\u0117j\u0173, norin\u010di\u0173 dalyvauti festivalyje, registracija \u25f7 FESTIVALIS VYKS 2026&hellip;<\/p>","protected":false},"author":1,"featured_media":21372,"parent":0,"menu_order":0,"comment_status":"closed","ping_status":"closed","template":"","meta":{"footnotes":"","_links_to":"","_links_to_target":""},"class_list":["post-21903","page","type-page","status-publish","has-post-thumbnail","hentry"],"yoast_head":"<!-- This site is optimized with the Yoast SEO plugin v28.4 - https:\/\/yoast.com\/product\/yoast-seo-wordpress\/ -->\n<title>Atlik\u0117jams, norintiems dalyvauti festivalyje &#8211; Tarptautinis amat\u0173 ir meno festivalis<\/title>\n<meta name=\"robots\" content=\"index, follow, max-snippet:-1, max-image-preview:large, max-video-preview:-1\" \/>\n<link rel=\"canonical\" href=\"https:\/\/vilnonesdienos.lt\/en\/norintiems-dalyvauti\/\" \/>\n<meta property=\"og:locale\" content=\"en_GB\" \/>\n<meta property=\"og:type\" content=\"article\" \/>\n<meta property=\"og:title\" content=\"Atlik\u0117jams, norintiems dalyvauti festivalyje &#8211; Tarptautinis amat\u0173 ir meno festivalis\" \/>\n<meta property=\"og:description\" content=\"KVIETIMAS BAIGTAS 2026 m. festivalio atlik\u0117j\u0173 registracija NEBEVYKDOMA! TURITE KLAUSIM\u0172? Festivalio organizatorius Lukas Simsonas labas@vilnonesdienos.lt +370 (625) 51 758 REGISTRACIJA ATVIRA Atlik\u0117j\u0173, norin\u010di\u0173 dalyvauti festivalyje, registracija \u25f7 FESTIVALIS VYKS 2026&hellip;\" \/>\n<meta property=\"og:url\" content=\"https:\/\/vilnonesdienos.lt\/en\/norintiems-dalyvauti\/\" \/>\n<meta property=\"og:site_name\" content=\"Vilnon\u0117s dienos\" \/>\n<meta property=\"article:publisher\" content=\"https:\/\/www.facebook.com\/vilnonesdienos\" \/>\n<meta property=\"article:modified_time\" content=\"2026-08-22T12:47:38+00:00\" \/>\n<meta property=\"og:image\" content=\"https:\/\/vilnonesdienos.lt\/wp-content\/uploads\/2024\/09\/IMG_0316-scaled.jpg\" \/>\n\t<meta property=\"og:image:width\" content=\"2560\" \/>\n\t<meta property=\"og:image:height\" content=\"1920\" \/>\n\t<meta property=\"og:image:type\" content=\"image\/jpeg\" \/>\n<meta name=\"twitter:card\" content=\"summary_large_image\" \/>\n<meta name=\"twitter:label1\" content=\"Estimated reading time\" \/>\n\t<meta name=\"twitter:data1\" content=\"2 minutes\" \/>\n<script type=\"application\/ld+json\" class=\"yoast-schema-graph\">{\"@context\":\"https:\\\/\\\/schema.org\",\"@graph\":[{\"@type\":\"WebPage\",\"@id\":\"https:\\\/\\\/vilnonesdienos.lt\\\/norintiems-dalyvauti\\\/\",\"url\":\"https:\\\/\\\/vilnonesdienos.lt\\\/norintiems-dalyvauti\\\/\",\"name\":\"Atlik\u0117jams, norintiems dalyvauti festivalyje &#8211; Tarptautinis amat\u0173 ir meno festivalis\",\"isPartOf\":{\"@id\":\"https:\\\/\\\/vilnonesdienos.lt\\\/#website\"},\"primaryImageOfPage\":{\"@id\":\"https:\\\/\\\/vilnonesdienos.lt\\\/norintiems-dalyvauti\\\/#primaryimage\"},\"image\":{\"@id\":\"https:\\\/\\\/vilnonesdienos.lt\\\/norintiems-dalyvauti\\\/#primaryimage\"},\"thumbnailUrl\":\"https:\\\/\\\/vilnonesdienos.lt\\\/wp-content\\\/uploads\\\/2024\\\/09\\\/IMG_0316-scaled.jpg\",\"datePublished\":\"2025-10-08T11:19:50+00:00\",\"dateModified\":\"2026-08-22T12:47:38+00:00\",\"breadcrumb\":{\"@id\":\"https:\\\/\\\/vilnonesdienos.lt\\\/norintiems-dalyvauti\\\/#breadcrumb\"},\"inLanguage\":\"en-GB\",\"potentialAction\":[{\"@type\":\"ReadAction\",\"target\":[\"https:\\\/\\\/vilnonesdienos.lt\\\/norintiems-dalyvauti\\\/\"]}]},{\"@type\":\"ImageObject\",\"inLanguage\":\"en-GB\",\"@id\":\"https:\\\/\\\/vilnonesdienos.lt\\\/norintiems-dalyvauti\\\/#primaryimage\",\"url\":\"https:\\\/\\\/vilnonesdienos.lt\\\/wp-content\\\/uploads\\\/2024\\\/09\\\/IMG_0316-scaled.jpg\",\"contentUrl\":\"https:\\\/\\\/vilnonesdienos.lt\\\/wp-content\\\/uploads\\\/2024\\\/09\\\/IMG_0316-scaled.jpg\",\"width\":2560,\"height\":1920},{\"@type\":\"BreadcrumbList\",\"@id\":\"https:\\\/\\\/vilnonesdienos.lt\\\/norintiems-dalyvauti\\\/#breadcrumb\",\"itemListElement\":[{\"@type\":\"ListItem\",\"position\":1,\"name\":\"Prad\u017eia\",\"item\":\"https:\\\/\\\/vilnonesdienos.lt\\\/\"},{\"@type\":\"ListItem\",\"position\":2,\"name\":\"Atlik\u0117jams, norintiems dalyvauti festivalyje\"}]},{\"@type\":\"WebSite\",\"@id\":\"https:\\\/\\\/vilnonesdienos.lt\\\/#website\",\"url\":\"https:\\\/\\\/vilnonesdienos.lt\\\/\",\"name\":\"Vilnon\u0117s dienos\",\"description\":\"Tarptautinis amat\u0173 ir meno festivalis\",\"publisher\":{\"@id\":\"https:\\\/\\\/vilnonesdienos.lt\\\/#organization\"},\"alternateName\":\"Tarptautinis amat\u0173 ir meno festivalis\",\"potentialAction\":[{\"@type\":\"SearchAction\",\"target\":{\"@type\":\"EntryPoint\",\"urlTemplate\":\"https:\\\/\\\/vilnonesdienos.lt\\\/?s={search_term_string}\"},\"query-input\":{\"@type\":\"PropertyValueSpecification\",\"valueRequired\":true,\"valueName\":\"search_term_string\"}}],\"inLanguage\":\"en-GB\"},{\"@type\":\"Organization\",\"@id\":\"https:\\\/\\\/vilnonesdienos.lt\\\/#organization\",\"name\":\"Vilnon\u0117s dienos\",\"url\":\"https:\\\/\\\/vilnonesdienos.lt\\\/\",\"logo\":{\"@type\":\"ImageObject\",\"inLanguage\":\"en-GB\",\"@id\":\"https:\\\/\\\/vilnonesdienos.lt\\\/#\\\/schema\\\/logo\\\/image\\\/\",\"url\":\"https:\\\/\\\/vilnonesdienos.lt\\\/wp-content\\\/uploads\\\/2021\\\/07\\\/Vilnones-dienos_logo_melynas.png\",\"contentUrl\":\"https:\\\/\\\/vilnonesdienos.lt\\\/wp-content\\\/uploads\\\/2021\\\/07\\\/Vilnones-dienos_logo_melynas.png\",\"width\":2862,\"height\":1941,\"caption\":\"Vilnon\u0117s dienos\"},\"image\":{\"@id\":\"https:\\\/\\\/vilnonesdienos.lt\\\/#\\\/schema\\\/logo\\\/image\\\/\"},\"sameAs\":[\"https:\\\/\\\/www.facebook.com\\\/vilnonesdienos\"]}]}<\/script>\n<!-- \/ Yoast SEO plugin. -->","yoast_head_json":{"title":"Atlik\u0117jams, norintiems dalyvauti festivalyje &#8211; Tarptautinis amat\u0173 ir meno festivalis","robots":{"index":"index","follow":"follow","max-snippet":"max-snippet:-1","max-image-preview":"max-image-preview:large","max-video-preview":"max-video-preview:-1"},"canonical":"https:\/\/vilnonesdienos.lt\/en\/norintiems-dalyvauti\/","og_locale":"en_GB","og_type":"article","og_title":"Atlik\u0117jams, norintiems dalyvauti festivalyje &#8211; Tarptautinis amat\u0173 ir meno festivalis","og_description":"KVIETIMAS BAIGTAS 2026 m. festivalio atlik\u0117j\u0173 registracija NEBEVYKDOMA! TURITE KLAUSIM\u0172? Festivalio organizatorius Lukas Simsonas labas@vilnonesdienos.lt +370 (625) 51 758 REGISTRACIJA ATVIRA Atlik\u0117j\u0173, norin\u010di\u0173 dalyvauti festivalyje, registracija \u25f7 FESTIVALIS VYKS 2026&hellip;","og_url":"https:\/\/vilnonesdienos.lt\/en\/norintiems-dalyvauti\/","og_site_name":"Vilnon\u0117s dienos","article_publisher":"https:\/\/www.facebook.com\/vilnonesdienos","article_modified_time":"2026-08-22T12:47:38+00:00","og_image":[{"width":2560,"height":1920,"url":"https:\/\/vilnonesdienos.lt\/wp-content\/uploads\/2024\/09\/IMG_0316-scaled.jpg","type":"image\/jpeg"}],"twitter_card":"summary_large_image","twitter_misc":{"Estimated reading time":"2 minutes"},"schema":{"@context":"https:\/\/schema.org","@graph":[{"@type":"WebPage","@id":"https:\/\/vilnonesdienos.lt\/norintiems-dalyvauti\/","url":"https:\/\/vilnonesdienos.lt\/norintiems-dalyvauti\/","name":"Atlik\u0117jams, norintiems dalyvauti festivalyje &#8211; Tarptautinis amat\u0173 ir meno festivalis","isPartOf":{"@id":"https:\/\/vilnonesdienos.lt\/#website"},"primaryImageOfPage":{"@id":"https:\/\/vilnonesdienos.lt\/norintiems-dalyvauti\/#primaryimage"},"image":{"@id":"https:\/\/vilnonesdienos.lt\/norintiems-dalyvauti\/#primaryimage"},"thumbnailUrl":"https:\/\/vilnonesdienos.lt\/wp-content\/uploads\/2024\/09\/IMG_0316-scaled.jpg","datePublished":"2025-10-08T11:19:50+00:00","dateModified":"2026-08-22T12:47:38+00:00","breadcrumb":{"@id":"https:\/\/vilnonesdienos.lt\/norintiems-dalyvauti\/#breadcrumb"},"inLanguage":"en-GB","potentialAction":[{"@type":"ReadAction","target":["https:\/\/vilnonesdienos.lt\/norintiems-dalyvauti\/"]}]},{"@type":"ImageObject","inLanguage":"en-GB","@id":"https:\/\/vilnonesdienos.lt\/norintiems-dalyvauti\/#primaryimage","url":"https:\/\/vilnonesdienos.lt\/wp-content\/uploads\/2024\/09\/IMG_0316-scaled.jpg","contentUrl":"https:\/\/vilnonesdienos.lt\/wp-content\/uploads\/2024\/09\/IMG_0316-scaled.jpg","width":2560,"height":1920},{"@type":"BreadcrumbList","@id":"https:\/\/vilnonesdienos.lt\/norintiems-dalyvauti\/#breadcrumb","itemListElement":[{"@type":"ListItem","position":1,"name":"Prad\u017eia","item":"https:\/\/vilnonesdienos.lt\/"},{"@type":"ListItem","position":2,"name":"Atlik\u0117jams, norintiems dalyvauti festivalyje"}]},{"@type":"WebSite","@id":"https:\/\/vilnonesdienos.lt\/#website","url":"https:\/\/vilnonesdienos.lt\/","name":"Vilnon\u0117s dienos","description":"International Craft and Art Festival","publisher":{"@id":"https:\/\/vilnonesdienos.lt\/#organization"},"alternateName":"Tarptautinis amat\u0173 ir meno festivalis","potentialAction":[{"@type":"SearchAction","target":{"@type":"EntryPoint","urlTemplate":"https:\/\/vilnonesdienos.lt\/?s={search_term_string}"},"query-input":{"@type":"PropertyValueSpecification","valueRequired":true,"valueName":"search_term_string"}}],"inLanguage":"en-GB"},{"@type":"Organization","@id":"https:\/\/vilnonesdienos.lt\/#organization","name":"Vilnon\u0117s dienos","url":"https:\/\/vilnonesdienos.lt\/","logo":{"@type":"ImageObject","inLanguage":"en-GB","@id":"https:\/\/vilnonesdienos.lt\/#\/schema\/logo\/image\/","url":"https:\/\/vilnonesdienos.lt\/wp-content\/uploads\/2021\/07\/Vilnones-dienos_logo_melynas.png","contentUrl":"https:\/\/vilnonesdienos.lt\/wp-content\/uploads\/2021\/07\/Vilnones-dienos_logo_melynas.png","width":2862,"height":1941,"caption":"Vilnon\u0117s dienos"},"image":{"@id":"https:\/\/vilnonesdienos.lt\/#\/schema\/logo\/image\/"},"sameAs":["https:\/\/www.facebook.com\/vilnonesdienos"]}]}},"_links":{"self":[{"href":"https:\/\/vilnonesdienos.lt\/en\/wp-json\/wp\/v2\/pages\/21903","targetHints":{"allow":["GET"]}}],"collection":[{"href":"https:\/\/vilnonesdienos.lt\/en\/wp-json\/wp\/v2\/pages"}],"about":[{"href":"https:\/\/vilnonesdienos.lt\/en\/wp-json\/wp\/v2\/types\/page"}],"author":[{"embeddable":true,"href":"https:\/\/vilnonesdienos.lt\/en\/wp-json\/wp\/v2\/users\/1"}],"replies":[{"embeddable":true,"href":"https:\/\/vilnonesdienos.lt\/en\/wp-json\/wp\/v2\/comments?post=21903"}],"version-history":[{"count":42,"href":"https:\/\/vilnonesdienos.lt\/en\/wp-json\/wp\/v2\/pages\/21903\/revisions"}],"predecessor-version":[{"id":22762,"href":"https:\/\/vilnonesdienos.lt\/en\/wp-json\/wp\/v2\/pages\/21903\/revisions\/22762"}],"wp:featuredmedia":[{"embeddable":true,"href":"https:\/\/vilnonesdienos.lt\/en\/wp-json\/wp\/v2\/media\/21372"}],"wp:attachment":[{"href":"https:\/\/vilnonesdienos.lt\/en\/wp-json\/wp\/v2\/media?parent=21903"}],"curies":[{"name":"wp","href":"https:\/\/api.w.org\/{rel}","templated":true}]}}